                                                             

{"id":82225,"date":"2026-04-27T17:04:26","date_gmt":"2026-04-27T21:04:26","guid":{"rendered":"https:\/\/oppens.ca\/?post_type=product&#038;p=82225"},"modified":"2026-04-28T17:34:56","modified_gmt":"2026-04-28T21:34:56","slug":"joseph-ribkoff-manteau-droit-boucle-avec-franges-261109","status":"publish","type":"product","link":"https:\/\/oppens.ca\/fr\/produit\/joseph-ribkoff-manteau-droit-boucle-avec-franges-261109\/","title":{"rendered":"JOSEPH RIBKOFF &#8211; Manteau Droit Boucl\u00e9 avec Franges (261109)"},"content":{"rendered":"<p>12\u00a0% Coton, 50\u00a0% Polyester, 1\u00a0% \u00c9lasthanne, 37\u00a0% Rayonne de viscose<\/p>\n<p>Tissu boucl\u00e9<\/p>\n<p>Col crant\u00e9 avec devant ouvert bord\u00e9 de franges<\/p>\n<p>Manches longues droites<\/p>\n<p>Fausses poches passepoil\u00e9es avec d\u00e9tail de boutons dor\u00e9s textur\u00e9s<\/p>\n<p>Non doubl\u00e9e<\/p>\n<p>Laver \u00e0 la main \u00e0 l&#8217;eau froide avec des couleurs similaires<\/p>\n<p>Ne pas s\u00e9cher en machine<\/p>\n<p>Sortir rapidement de l&#8217;eau<\/p>\n<p>Ne pas javelliser<\/p>\n<p>Ne pas repasser<\/p>\n<p>Enlever rapidement l&#8217;exc\u00e9dent d&#8217;eau<\/p>\n<p>Ne pas nettoyer \u00e0 sec<\/p>\n<p>Laver le v\u00eatement \u00e0 l&#8217;envers<\/p>\n<p>Suspendre \u00e0 l&#8217;ombre pour s\u00e9cher<\/p>\n<p>Fait au Canada<\/p>\n<p>Guide des tailles<\/p>\n<table class=\"table table-striped\">\n<thead>\n<tr>\n<td rowspan=\"2\">Tailles<\/td>\n<td colspan=\"2\">XS<\/td>\n<td colspan=\"2\">S<\/td>\n<td colspan=\"2\">M<\/td>\n<td colspan=\"2\">L<\/td>\n<td colspan=\"2\">XL<\/td>\n<td colspan=\"2\">XXL<\/td>\n<td>XXXL<\/td>\n<\/tr>\n<tr>\n<td>0<\/td>\n<td>2<\/td>\n<td>4<\/td>\n<td>6<\/td>\n<td>8<\/td>\n<td>10<\/td>\n<td>12<\/td>\n<td>14<\/td>\n<td>16<\/td>\n<td>18<\/td>\n<td>20<\/td>\n<td>22<\/td>\n<td>24<\/td>\n<\/tr>\n<\/thead>\n<tbody>\n<tr>\n<td>Circonf\u00e9rence du buste (CM)<\/td>\n<td>81<\/td>\n<td>84<\/td>\n<td>86<\/td>\n<td>89<\/td>\n<td>91<\/td>\n<td>95<\/td>\n<td>99<\/td>\n<td>104<\/td>\n<td>109<\/td>\n<td>114<\/td>\n<td>119<\/td>\n<td>124<\/td>\n<td>129.5<\/td>\n<\/tr>\n<tr>\n<td>Tour de taille (CM)<\/td>\n<td>63.5<\/td>\n<td>66<\/td>\n<td>68.5<\/td>\n<td>71<\/td>\n<td>74<\/td>\n<td>77<\/td>\n<td>81<\/td>\n<td>86<\/td>\n<td>91<\/td>\n<td>96.5<\/td>\n<td>102<\/td>\n<td>107<\/td>\n<td>112<\/td>\n<\/tr>\n<tr>\n<td>Circonf\u00e9rence de la hanche (CM)<\/td>\n<td>89<\/td>\n<td>91<\/td>\n<td>94<\/td>\n<td>96.5<\/td>\n<td>99<\/td>\n<td>103<\/td>\n<td>107<\/td>\n<td>112<\/td>\n<td>117<\/td>\n<td>122<\/td>\n<td>127<\/td>\n<td>132<\/td>\n<td>137<\/td>\n<\/tr>\n<\/tbody>\n<\/table>\n","protected":false},"excerpt":{"rendered":"<p>12\u00a0% Coton, 50\u00a0% Polyester, 1\u00a0% \u00c9lasthanne, 37\u00a0% Rayonne de viscose Tissu boucl\u00e9 Col crant\u00e9 avec devant ouvert bord\u00e9 de franges Manches longues droites Fausses poches passepoil\u00e9es avec d\u00e9tail de boutons dor\u00e9s textur\u00e9s Non doubl\u00e9e Laver \u00e0 la main \u00e0 l&#8217;eau froide avec des couleurs similaires Ne pas s\u00e9cher en machine Sortir rapidement de l&#8217;eau Ne &hellip; <\/p>\n<p class=\"link-more\"><a href=\"https:\/\/oppens.ca\/fr\/produit\/joseph-ribkoff-manteau-droit-boucle-avec-franges-261109\/\" class=\"more-link\">Continue reading&lt;span class=&quot;screen-reader-text&quot;&gt; &quot;JOSEPH RIBKOFF &#8211; Manteau Droit Boucl\u00e9 avec Franges (261109)&quot;&lt;\/span&gt;<\/a><\/p>\n","protected":false},"featured_media":82267,"template":"","meta":[],"product_brand":[],"product_cat":[230,130,376,356,349],"product_tag":[586,280,542],"class_list":{"0":"post-82225","1":"product","2":"type-product","3":"status-publish","4":"has-post-thumbnail","6":"product_cat-cardigans-vestons","7":"product_cat-hauts-cover-ups","8":"product_cat-joseph-ribkoff-fr","9":"product_cat-magasiner-par-collection","10":"product_cat-nouveautes","11":"product_tag-jacket-fr","12":"product_tag-joseph-ribkoff-fr","13":"product_tag-nouveau","15":"first","16":"instock","17":"taxable","18":"shipping-taxable","19":"purchasable","20":"product-type-variable"},"supplier_id":null,"supplier_sku":"","barcode":null,"atum_controlled":true,"out_stock_date":null,"out_stock_threshold":null,"inheritable":true,"inbound_stock":null,"stock_on_hold":0,"sold_today":0,"sales_last_days":0,"reserved_stock":null,"customer_returns":null,"warehouse_damage":null,"lost_in_post":null,"other_logs":null,"out_stock_days":0,"lost_sales":0,"has_location":false,"update_date":"2026-04-29T00:31:12","atum_locations":[],"atum_stock_status":"instock","restock_status":false,"low_stock_amount":"","sales_update_date":"2026-04-29T00:31:12","calc_backorders":null,"yoast_head":"<!-- This site is optimized with the Yoast SEO plugin v27.0 - https:\/\/yoast.com\/product\/yoast-seo-wordpress\/ -->\n<title>JOSEPH RIBKOFF - Manteau Droit Boucl\u00e9 avec Franges (261109) - Oppen&#039;s<\/title>\n<meta name=\"robots\" content=\"index, follow, max-snippet:-1, max-image-preview:large, max-video-preview:-1\" \/>\n<link rel=\"canonical\" href=\"https:\/\/oppens.ca\/fr\/produit\/joseph-ribkoff-manteau-droit-boucle-avec-franges-261109\/\" \/>\n<meta property=\"og:locale\" content=\"fr_FR\" \/>\n<meta property=\"og:type\" content=\"article\" \/>\n<meta property=\"og:title\" content=\"JOSEPH RIBKOFF - Manteau Droit Boucl\u00e9 avec Franges (261109) - Oppen&#039;s\" \/>\n<meta property=\"og:description\" content=\"12\u00a0% Coton, 50\u00a0% Polyester, 1\u00a0% \u00c9lasthanne, 37\u00a0% Rayonne de viscose Tissu boucl\u00e9 Col crant\u00e9 avec devant ouvert bord\u00e9 de franges Manches longues droites Fausses poches passepoil\u00e9es avec d\u00e9tail de boutons dor\u00e9s textur\u00e9s Non doubl\u00e9e Laver \u00e0 la main \u00e0 l&#8217;eau froide avec des couleurs similaires Ne pas s\u00e9cher en machine Sortir rapidement de l&#8217;eau Ne &hellip; Continue reading&lt;span class=&quot;screen-reader-text&quot;&gt; &quot;JOSEPH RIBKOFF &#8211; Manteau Droit Boucl\u00e9 avec Franges (261109)&quot;&lt;\/span&gt;\" \/>\n<meta property=\"og:url\" content=\"https:\/\/oppens.ca\/fr\/produit\/joseph-ribkoff-manteau-droit-boucle-avec-franges-261109\/\" \/>\n<meta property=\"og:site_name\" content=\"Oppen&#039;s\" \/>\n<meta property=\"article:publisher\" content=\"https:\/\/www.facebook.com\/boutiqueoppens\/\" \/>\n<meta property=\"article:modified_time\" content=\"2026-04-28T21:34:56+00:00\" \/>\n<meta property=\"og:image\" content=\"https:\/\/oppens.ca\/wp-content\/uploads\/2026\/04\/261109-4475-1-scaled.jpg\" \/>\n\t<meta property=\"og:image:width\" content=\"1708\" \/>\n\t<meta property=\"og:image:height\" content=\"2560\" \/>\n\t<meta property=\"og:image:type\" content=\"image\/jpeg\" \/>\n<meta name=\"twitter:card\" content=\"summary_large_image\" \/>\n<meta name=\"twitter:site\" content=\"@oppensmontreal\" \/>\n<meta name=\"twitter:label1\" content=\"Dur\u00e9e de lecture estim\u00e9e\" \/>\n\t<meta name=\"twitter:data1\" content=\"1 minute\" \/>\n<script type=\"application\/ld+json\" class=\"yoast-schema-graph\">{\"@context\":\"https:\/\/schema.org\",\"@graph\":[{\"@type\":\"WebPage\",\"@id\":\"https:\/\/oppens.ca\/fr\/produit\/joseph-ribkoff-manteau-droit-boucle-avec-franges-261109\/\",\"url\":\"https:\/\/oppens.ca\/fr\/produit\/joseph-ribkoff-manteau-droit-boucle-avec-franges-261109\/\",\"name\":\"JOSEPH RIBKOFF - Manteau Droit Boucl\u00e9 avec Franges (261109) - Oppen&#039;s\",\"isPartOf\":{\"@id\":\"https:\/\/oppens.ca\/#website\"},\"primaryImageOfPage\":{\"@id\":\"https:\/\/oppens.ca\/fr\/produit\/joseph-ribkoff-manteau-droit-boucle-avec-franges-261109\/#primaryimage\"},\"image\":{\"@id\":\"https:\/\/oppens.ca\/fr\/produit\/joseph-ribkoff-manteau-droit-boucle-avec-franges-261109\/#primaryimage\"},\"thumbnailUrl\":\"https:\/\/oppens.ca\/wp-content\/uploads\/2026\/04\/261109-4475-1-scaled.jpg\",\"datePublished\":\"2026-04-27T21:04:26+00:00\",\"dateModified\":\"2026-04-28T21:34:56+00:00\",\"breadcrumb\":{\"@id\":\"https:\/\/oppens.ca\/fr\/produit\/joseph-ribkoff-manteau-droit-boucle-avec-franges-261109\/#breadcrumb\"},\"inLanguage\":\"fr-FR\",\"potentialAction\":[{\"@type\":\"ReadAction\",\"target\":[\"https:\/\/oppens.ca\/fr\/produit\/joseph-ribkoff-manteau-droit-boucle-avec-franges-261109\/\"]}]},{\"@type\":\"ImageObject\",\"inLanguage\":\"fr-FR\",\"@id\":\"https:\/\/oppens.ca\/fr\/produit\/joseph-ribkoff-manteau-droit-boucle-avec-franges-261109\/#primaryimage\",\"url\":\"https:\/\/oppens.ca\/wp-content\/uploads\/2026\/04\/261109-4475-1-scaled.jpg\",\"contentUrl\":\"https:\/\/oppens.ca\/wp-content\/uploads\/2026\/04\/261109-4475-1-scaled.jpg\",\"width\":1708,\"height\":2560},{\"@type\":\"BreadcrumbList\",\"@id\":\"https:\/\/oppens.ca\/fr\/produit\/joseph-ribkoff-manteau-droit-boucle-avec-franges-261109\/#breadcrumb\",\"itemListElement\":[{\"@type\":\"ListItem\",\"position\":1,\"name\":\"Home\",\"item\":\"https:\/\/oppens.ca\/fr\/\"},{\"@type\":\"ListItem\",\"position\":2,\"name\":\"Magasinez\",\"item\":\"https:\/\/oppens.ca\/fr\/magasinez\/\"},{\"@type\":\"ListItem\",\"position\":3,\"name\":\"JOSEPH RIBKOFF &#8211; Manteau Droit Boucl\u00e9 avec Franges (261109)\"}]},{\"@type\":\"WebSite\",\"@id\":\"https:\/\/oppens.ca\/#website\",\"url\":\"https:\/\/oppens.ca\/\",\"name\":\"Oppen&#039;s\",\"description\":\"Celebrating women\u2019s evolving lifestyle for over 25 years\",\"publisher\":{\"@id\":\"https:\/\/oppens.ca\/#organization\"},\"potentialAction\":[{\"@type\":\"SearchAction\",\"target\":{\"@type\":\"EntryPoint\",\"urlTemplate\":\"https:\/\/oppens.ca\/?s={search_term_string}\"},\"query-input\":{\"@type\":\"PropertyValueSpecification\",\"valueRequired\":true,\"valueName\":\"search_term_string\"}}],\"inLanguage\":\"fr-FR\"},{\"@type\":\"Organization\",\"@id\":\"https:\/\/oppens.ca\/#organization\",\"name\":\"Oppens\",\"url\":\"https:\/\/oppens.ca\/\",\"logo\":{\"@type\":\"ImageObject\",\"inLanguage\":\"fr-FR\",\"@id\":\"https:\/\/oppens.ca\/#\/schema\/logo\/image\/\",\"url\":\"https:\/\/oppens.ca\/wp-content\/uploads\/2019\/10\/oppens.png\",\"contentUrl\":\"https:\/\/oppens.ca\/wp-content\/uploads\/2019\/10\/oppens.png\",\"width\":553,\"height\":246,\"caption\":\"Oppens\"},\"image\":{\"@id\":\"https:\/\/oppens.ca\/#\/schema\/logo\/image\/\"},\"sameAs\":[\"https:\/\/www.facebook.com\/boutiqueoppens\/\",\"https:\/\/x.com\/oppensmontreal\",\"https:\/\/www.instagram.com\/oppens_boutique\/\"]}]}<\/script>\n<!-- \/ Yoast SEO plugin. -->","yoast_head_json":{"title":"JOSEPH RIBKOFF - Manteau Droit Boucl\u00e9 avec Franges (261109) - Oppen&#039;s","robots":{"index":"index","follow":"follow","max-snippet":"max-snippet:-1","max-image-preview":"max-image-preview:large","max-video-preview":"max-video-preview:-1"},"canonical":"https:\/\/oppens.ca\/fr\/produit\/joseph-ribkoff-manteau-droit-boucle-avec-franges-261109\/","og_locale":"fr_FR","og_type":"article","og_title":"JOSEPH RIBKOFF - Manteau Droit Boucl\u00e9 avec Franges (261109) - Oppen&#039;s","og_description":"12\u00a0% Coton, 50\u00a0% Polyester, 1\u00a0% \u00c9lasthanne, 37\u00a0% Rayonne de viscose Tissu boucl\u00e9 Col crant\u00e9 avec devant ouvert bord\u00e9 de franges Manches longues droites Fausses poches passepoil\u00e9es avec d\u00e9tail de boutons dor\u00e9s textur\u00e9s Non doubl\u00e9e Laver \u00e0 la main \u00e0 l&#8217;eau froide avec des couleurs similaires Ne pas s\u00e9cher en machine Sortir rapidement de l&#8217;eau Ne &hellip; Continue reading&lt;span class=&quot;screen-reader-text&quot;&gt; &quot;JOSEPH RIBKOFF &#8211; Manteau Droit Boucl\u00e9 avec Franges (261109)&quot;&lt;\/span&gt;","og_url":"https:\/\/oppens.ca\/fr\/produit\/joseph-ribkoff-manteau-droit-boucle-avec-franges-261109\/","og_site_name":"Oppen&#039;s","article_publisher":"https:\/\/www.facebook.com\/boutiqueoppens\/","article_modified_time":"2026-04-28T21:34:56+00:00","og_image":[{"width":1708,"height":2560,"url":"https:\/\/oppens.ca\/wp-content\/uploads\/2026\/04\/261109-4475-1-scaled.jpg","type":"image\/jpeg"}],"twitter_card":"summary_large_image","twitter_site":"@oppensmontreal","twitter_misc":{"Dur\u00e9e de lecture estim\u00e9e":"1 minute"},"schema":{"@context":"https:\/\/schema.org","@graph":[{"@type":"WebPage","@id":"https:\/\/oppens.ca\/fr\/produit\/joseph-ribkoff-manteau-droit-boucle-avec-franges-261109\/","url":"https:\/\/oppens.ca\/fr\/produit\/joseph-ribkoff-manteau-droit-boucle-avec-franges-261109\/","name":"JOSEPH RIBKOFF - Manteau Droit Boucl\u00e9 avec Franges (261109) - Oppen&#039;s","isPartOf":{"@id":"https:\/\/oppens.ca\/#website"},"primaryImageOfPage":{"@id":"https:\/\/oppens.ca\/fr\/produit\/joseph-ribkoff-manteau-droit-boucle-avec-franges-261109\/#primaryimage"},"image":{"@id":"https:\/\/oppens.ca\/fr\/produit\/joseph-ribkoff-manteau-droit-boucle-avec-franges-261109\/#primaryimage"},"thumbnailUrl":"https:\/\/oppens.ca\/wp-content\/uploads\/2026\/04\/261109-4475-1-scaled.jpg","datePublished":"2026-04-27T21:04:26+00:00","dateModified":"2026-04-28T21:34:56+00:00","breadcrumb":{"@id":"https:\/\/oppens.ca\/fr\/produit\/joseph-ribkoff-manteau-droit-boucle-avec-franges-261109\/#breadcrumb"},"inLanguage":"fr-FR","potentialAction":[{"@type":"ReadAction","target":["https:\/\/oppens.ca\/fr\/produit\/joseph-ribkoff-manteau-droit-boucle-avec-franges-261109\/"]}]},{"@type":"ImageObject","inLanguage":"fr-FR","@id":"https:\/\/oppens.ca\/fr\/produit\/joseph-ribkoff-manteau-droit-boucle-avec-franges-261109\/#primaryimage","url":"https:\/\/oppens.ca\/wp-content\/uploads\/2026\/04\/261109-4475-1-scaled.jpg","contentUrl":"https:\/\/oppens.ca\/wp-content\/uploads\/2026\/04\/261109-4475-1-scaled.jpg","width":1708,"height":2560},{"@type":"BreadcrumbList","@id":"https:\/\/oppens.ca\/fr\/produit\/joseph-ribkoff-manteau-droit-boucle-avec-franges-261109\/#breadcrumb","itemListElement":[{"@type":"ListItem","position":1,"name":"Home","item":"https:\/\/oppens.ca\/fr\/"},{"@type":"ListItem","position":2,"name":"Magasinez","item":"https:\/\/oppens.ca\/fr\/magasinez\/"},{"@type":"ListItem","position":3,"name":"JOSEPH RIBKOFF &#8211; Manteau Droit Boucl\u00e9 avec Franges (261109)"}]},{"@type":"WebSite","@id":"https:\/\/oppens.ca\/#website","url":"https:\/\/oppens.ca\/","name":"Oppen&#039;s","description":"Celebrating women\u2019s evolving lifestyle for over 25 years","publisher":{"@id":"https:\/\/oppens.ca\/#organization"},"potentialAction":[{"@type":"SearchAction","target":{"@type":"EntryPoint","urlTemplate":"https:\/\/oppens.ca\/?s={search_term_string}"},"query-input":{"@type":"PropertyValueSpecification","valueRequired":true,"valueName":"search_term_string"}}],"inLanguage":"fr-FR"},{"@type":"Organization","@id":"https:\/\/oppens.ca\/#organization","name":"Oppens","url":"https:\/\/oppens.ca\/","logo":{"@type":"ImageObject","inLanguage":"fr-FR","@id":"https:\/\/oppens.ca\/#\/schema\/logo\/image\/","url":"https:\/\/oppens.ca\/wp-content\/uploads\/2019\/10\/oppens.png","contentUrl":"https:\/\/oppens.ca\/wp-content\/uploads\/2019\/10\/oppens.png","width":553,"height":246,"caption":"Oppens"},"image":{"@id":"https:\/\/oppens.ca\/#\/schema\/logo\/image\/"},"sameAs":["https:\/\/www.facebook.com\/boutiqueoppens\/","https:\/\/x.com\/oppensmontreal","https:\/\/www.instagram.com\/oppens_boutique\/"]}]}},"_links":{"self":[{"href":"https:\/\/oppens.ca\/fr\/wp-json\/wp\/v2\/product\/82225","targetHints":{"allow":["GET"]}}],"collection":[{"href":"https:\/\/oppens.ca\/fr\/wp-json\/wp\/v2\/product"}],"about":[{"href":"https:\/\/oppens.ca\/fr\/wp-json\/wp\/v2\/types\/product"}],"wp:featuredmedia":[{"embeddable":true,"href":"https:\/\/oppens.ca\/fr\/wp-json\/wp\/v2\/media\/82267"}],"wp:attachment":[{"href":"https:\/\/oppens.ca\/fr\/wp-json\/wp\/v2\/media?parent=82225"}],"wp:term":[{"taxonomy":"product_brand","embeddable":true,"href":"https:\/\/oppens.ca\/fr\/wp-json\/wp\/v2\/product_brand?post=82225"},{"taxonomy":"product_cat","embeddable":true,"href":"https:\/\/oppens.ca\/fr\/wp-json\/wp\/v2\/product_cat?post=82225"},{"taxonomy":"product_tag","embeddable":true,"href":"https:\/\/oppens.ca\/fr\/wp-json\/wp\/v2\/product_tag?post=82225"}],"curies":[{"name":"wp","href":"https:\/\/api.w.org\/{rel}","templated":true}]}}